{"id":2412,"date":"2019-06-08T07:53:30","date_gmt":"2019-06-08T10:53:30","guid":{"rendered":"http:\/\/dummy.xtemos.com\/woodmart\/demos\/?page_id=2412"},"modified":"2025-01-16T09:35:45","modified_gmt":"2025-01-16T12:35:45","slug":"home-principal","status":"publish","type":"page","link":"https:\/\/garautoparts.com.br\/es\/","title":{"rendered":"Home Principal"},"content":{"rendered":"<div data-vc-full-width=\"true\" data-vc-full-width-init=\"false\" data-vc-stretch-content=\"true\" class=\"vc_row wpb_row vc_row-fluid vc_row-no-padding\"><div class=\"wpb_column vc_column_container vc_col-sm-12\"><div class=\"vc_column-inner vc_custom_1737025113716\"><div class=\"wpb_wrapper\">\n\t\t\t<!-- START toposite ES REVOLUTION SLIDER 6.4.6 --><p class=\"rs-p-wp-fix\"><\/p>\n\t\t\t<rs-module-wrap id=\"rev_slider_28_2_wrapper\" data-source=\"gallery\" style=\"background:transparent;padding:0;margin:0px auto;margin-top:0;margin-bottom:0;max-width:;\">\n\t\t\t\t<rs-module id=\"rev_slider_28_2\" style=\"\" data-version=\"6.4.6\">\n\t\t\t\t\t<rs-slides>\n\t\t\t\t\t\t<rs-slide data-key=\"rs-73\" data-title=\"Slide\" data-thumb=\"\/\/garautoparts.com.br\/wp-content\/uploads\/2023\/03\/Banner-Site-100x50.png\" data-anim=\"ms:600;\" data-in=\"o:0;\" data-out=\"a:false;\">\n\t\t\t\t\t\t\t<img loading=\"lazy\" decoding=\"async\" src=\"\/\/garautoparts.com.br\/wp-content\/plugins\/revslider\/public\/assets\/assets\/dummy.png\" title=\"Banner Site\" width=\"1240\" height=\"572\" class=\"rev-slidebg tp-rs-img rs-lazyload\" data-lazyload=\"\/\/garautoparts.com.br\/wp-content\/uploads\/2023\/03\/Banner-Site.png\" data-bg=\"p:center top;\" data-no-retina>\n<!---->\t\t\t\t\t\t<\/rs-slide>\n\t\t\t\t\t\t<rs-slide data-key=\"rs-74\" data-title=\"Slide\" data-thumb=\"\/\/garautoparts.com.br\/wp-content\/uploads\/2025\/01\/Tecnologia-en-Grapas-de-Resorte-y-Grapas-de-Suspension-Neumatic-100x50.png\" data-anim=\"ms:600;\" data-in=\"o:0;\" data-out=\"a:false;\">\n\t\t\t\t\t\t\t<img loading=\"lazy\" decoding=\"async\" src=\"\/\/garautoparts.com.br\/wp-content\/plugins\/revslider\/public\/assets\/assets\/dummy.png\" title=\"Tecnologi\u0301a en Grapas de Resorte y Grapas de Suspensio\u0301n Neuma\u0301tic\" width=\"1240\" height=\"572\" class=\"rev-slidebg tp-rs-img rs-lazyload\" data-lazyload=\"\/\/garautoparts.com.br\/wp-content\/uploads\/2025\/01\/Tecnologia-en-Grapas-de-Resorte-y-Grapas-de-Suspension-Neumatic.png\" data-bg=\"p:center top;\" data-no-retina>\n<!---->\t\t\t\t\t\t<\/rs-slide>\n\t\t\t\t\t<\/rs-slides>\n\t\t\t\t<\/rs-module>\n\t\t\t\t<script type=\"text\/javascript\">\n\t\t\t\t\tsetREVStartSize({c: 'rev_slider_28_2',rl:[1240,1024,778,480],el:[820],gw:[1920],gh:[820],type:'standard',justify:'',layout:'fullwidth',mh:\"0\"});\n\t\t\t\t\tvar\trevapi28,\n\t\t\t\t\t\ttpj;\n\t\t\t\t\tfunction revinit_revslider282() {\n\t\t\t\t\tjQuery(function() {\n\t\t\t\t\t\ttpj = jQuery;\n\t\t\t\t\t\trevapi28 = tpj(\"#rev_slider_28_2\");\n\t\t\t\t\t\tif(revapi28==undefined || revapi28.revolution == undefined){\n\t\t\t\t\t\t\trevslider_showDoubleJqueryError(\"rev_slider_28_2\");\n\t\t\t\t\t\t}else{\n\t\t\t\t\t\t\trevapi28.revolution({\n\t\t\t\t\t\t\t\tDPR:\"dpr\",\n\t\t\t\t\t\t\t\tvisibilityLevels:\"1240,1024,778,480\",\n\t\t\t\t\t\t\t\tgridwidth:1920,\n\t\t\t\t\t\t\t\tgridheight:820,\n\t\t\t\t\t\t\t\tlazyType:\"smart\",\n\t\t\t\t\t\t\t\tspinner:\"spinner3\",\n\t\t\t\t\t\t\t\tperspective:600,\n\t\t\t\t\t\t\t\tperspectiveType:\"local\",\n\t\t\t\t\t\t\t\teditorheight:\"820,768,960,720\",\n\t\t\t\t\t\t\t\tresponsiveLevels:\"1240,1024,778,480\",\n\t\t\t\t\t\t\t\tprogressBar:{disableProgressBar:true},\n\t\t\t\t\t\t\t\tnavigation: {\n\t\t\t\t\t\t\t\t\tmouseScrollNavigation:false,\n\t\t\t\t\t\t\t\t\twheelCallDelay:1000,\n\t\t\t\t\t\t\t\t\tonHoverStop:false,\n\t\t\t\t\t\t\t\t\ttouch: {\n\t\t\t\t\t\t\t\t\t\ttouchenabled:true\n\t\t\t\t\t\t\t\t\t},\n\t\t\t\t\t\t\t\t\tarrows: {\n\t\t\t\t\t\t\t\t\t\tenable:true,\n\t\t\t\t\t\t\t\t\t\tstyle:\"uranus\",\n\t\t\t\t\t\t\t\t\t\thide_onmobile:true,\n\t\t\t\t\t\t\t\t\t\thide_under:\"767px\",\n\t\t\t\t\t\t\t\t\t\tleft: {\n\n\t\t\t\t\t\t\t\t\t\t},\n\t\t\t\t\t\t\t\t\t\tright: {\n\n\t\t\t\t\t\t\t\t\t\t}\n\t\t\t\t\t\t\t\t\t}\n\t\t\t\t\t\t\t\t},\n\t\t\t\t\t\t\t\tfallbacks: {\n\t\t\t\t\t\t\t\t\tallowHTML5AutoPlayOnAndroid:true\n\t\t\t\t\t\t\t\t},\n\t\t\t\t\t\t\t});\n\t\t\t\t\t\t}\n\t\t\t\t\t\t\n\t\t\t\t\t});\n\t\t\t\t\t} \/\/ End of RevInitScript\n\t\t\t\tvar once_revslider282 = false;\n\t\t\t\tif (document.readyState === \"loading\") {document.addEventListener('readystatechange',function() { if((document.readyState === \"interactive\" || document.readyState === \"complete\") && !once_revslider282 ) { once_revslider282 = true; revinit_revslider282();}});} else {once_revslider282 = true; revinit_revslider282();}\n\t\t\t\t<\/script>\n\t\t\t\t<script>\n\t\t\t\t\tvar htmlDivCss = unescape(\"%23rev_slider_28_2_wrapper%20rs-loader.spinner3%20div%20%7B%20background-color%3A%20%230083ae%20%21important%3B%20%7D\");\n\t\t\t\t\tvar htmlDiv = document.getElementById('rs-plugin-settings-inline-css');\n\t\t\t\t\tif(htmlDiv) {\n\t\t\t\t\t\thtmlDiv.innerHTML = htmlDiv.innerHTML + htmlDivCss;\n\t\t\t\t\t}else{\n\t\t\t\t\t\tvar htmlDiv = document.createElement('div');\n\t\t\t\t\t\thtmlDiv.innerHTML = '<style>' + htmlDivCss + '<\/style>';\n\t\t\t\t\t\tdocument.getElementsByTagName('head')[0].appendChild(htmlDiv.childNodes[0]);\n\t\t\t\t\t}\n\t\t\t\t<\/script>\n\t\t\t\t<script>\n\t\t\t\t\tvar htmlDivCss = unescape(\"%23rev_slider_28_2_wrapper%20.uranus.tparrows%20%7B%0A%20%20width%3A50px%3B%0A%20%20height%3A50px%3B%0A%20%20background%3Argba%28255%2C255%2C255%2C0%29%3B%0A%20%7D%0A%20%23rev_slider_28_2_wrapper%20.uranus.tparrows%3Abefore%20%7B%0A%20width%3A50px%3B%0A%20height%3A50px%3B%0A%20line-height%3A50px%3B%0A%20font-size%3A40px%3B%0A%20transition%3Aall%200.3s%3B%0A-webkit-transition%3Aall%200.3s%3B%0A%20%7D%0A%20%0A%20%20%23rev_slider_28_2_wrapper%20.uranus.tparrows%3Ahover%3Abefore%20%7B%0A%20%20%20%20opacity%3A0.75%3B%0A%20%20%7D%0A\");\n\t\t\t\t\tvar htmlDiv = document.getElementById('rs-plugin-settings-inline-css');\n\t\t\t\t\tif(htmlDiv) {\n\t\t\t\t\t\thtmlDiv.innerHTML = htmlDiv.innerHTML + htmlDivCss;\n\t\t\t\t\t}else{\n\t\t\t\t\t\tvar htmlDiv = document.createElement('div');\n\t\t\t\t\t\thtmlDiv.innerHTML = '<style>' + htmlDivCss + '<\/style>';\n\t\t\t\t\t\tdocument.getElementsByTagName('head')[0].appendChild(htmlDiv.childNodes[0]);\n\t\t\t\t\t}\n\t\t\t\t<\/script>\n\t\t\t\t<script>\n\t\t\t\t\tvar htmlDivCss = unescape(\"%0A%0A\");\n\t\t\t\t\tvar htmlDiv = document.getElementById('rs-plugin-settings-inline-css');\n\t\t\t\t\tif(htmlDiv) {\n\t\t\t\t\t\thtmlDiv.innerHTML = htmlDiv.innerHTML + htmlDivCss;\n\t\t\t\t\t}else{\n\t\t\t\t\t\tvar htmlDiv = document.createElement('div');\n\t\t\t\t\t\thtmlDiv.innerHTML = '<style>' + htmlDivCss + '<\/style>';\n\t\t\t\t\t\tdocument.getElementsByTagName('head')[0].appendChild(htmlDiv.childNodes[0]);\n\t\t\t\t\t}\n\t\t\t\t<\/script>\n\t\t\t<\/rs-module-wrap>\n\t\t\t<!-- END REVOLUTION SLIDER -->\n<\/div><\/div><\/div><\/div><div class=\"vc_row-full-width vc_clearfix\"><\/div><div data-vc-full-width=\"true\" data-vc-full-width-init=\"false\" class=\"vc_row wpb_row vc_row-fluid vc_custom_1643982941217\"><div class=\"wpb_column vc_column_container vc_col-sm-12\"><div class=\"vc_column-inner vc_custom_1559750057376\"><div class=\"wpb_wrapper\">\t\t\t<div id=\"carousel-897\" class=\"wd-carousel-container info-box-carousel-wrapper  wd-carousel-spacing-30\" data-owl-carousel data-hide_pagination_control=\"yes\" data-hide_prev_next_buttons=\"no\" data-dragEndSpeed=\"600\" data-desktop=\"3\" data-tablet_landscape=\"3\" data-tablet=\"2\" data-mobile=\"1\">\n\t\t\t\t<div class=\"owl-carousel info-box-carousel  owl-items-lg-3 owl-items-md-3 owl-items-sm-2 owl-items-xs-1\" >\n\t\t\t\t\t\t\t\t<div class=\"info-box-wrapper \">\n\t\t\t\t<div id=\"wd-626946a2bc90f\" class=\" wd-info-box wd-wpb text-left box-icon-align-left box-style- color-scheme- wd-bg-none with-btn box-btn-static \"  >\n\t\t\t\t\t\t\t\t\t\t\t<div class=\"box-icon-wrapper  box-with-icon box-icon-simple\">\n\t\t\t\t\t\t\t<div class=\"info-box-icon\">\n\n\t\t\t\t\t\t\t\n\t\t\t\t\t\t\t\t\t\t\t\t\t\t\t\t\t<img loading=\"lazy\" decoding=\"async\" class=\"info-icon image-1 \" src=\"https:\/\/garautoparts.com.br\/wp-content\/uploads\/2022\/01\/produto.png\" width=\"64\" height=\"64\" alt=\"produto\" title=\"produto\" \/>\t\t\t\t\t\t\t\t\t\t\t\t\t\t\t\n\t\t\t\t\t\t\t<\/div>\n\t\t\t\t\t\t<\/div>\n\t\t\t\t\t\t\t\t\t\t<div class=\"info-box-content\">\n\t\t\t\t\t\t<h4 class=\"info-box-title title wd-font-weight-100 box-title-style-default wd-fontsize-m\">Produtos<\/h4>\t\t\t\t\t\t<div class=\"info-box-inner set-cont-mb-s reset-last-child\">\n\t\t\t\t\t\t\t<p>Conhe\u00e7a nossa linha completa de produtos<\/p>\n\t\t\t\t\t\t<\/div>\n\n\t\t\t\t\t\t<div class=\"info-btn-wrapper\"><div id=\"wd-6a99772a2959a\" class=\"wd-button-wrapper text-left\"><a href=\"https:\/\/garautoparts.com.br\/produtos\/\" title=\"\" class=\"btn btn-color-primary btn-style-link btn-shape-rectangle btn-size-default\">Conhe\u00e7a<\/a><\/div><\/div>\n\t\t\t\t\t<\/div>\n\n\t\t\t\t\t\t\t\t\t<\/div>\n\t\t\t<\/div>\n\t\t\t\t\t<div class=\"info-box-wrapper \">\n\t\t\t\t<div id=\"wd-6788fcbf1a507\" class=\" wd-info-box wd-wpb text-left box-icon-align-left box-style- color-scheme- wd-bg-none with-btn box-btn-static vc_custom_1737030937029\"  >\n\t\t\t\t\t\t\t\t\t\t\t<div class=\"box-icon-wrapper  box-with-icon box-icon-simple\">\n\t\t\t\t\t\t\t<div class=\"info-box-icon\">\n\n\t\t\t\t\t\t\t\n\t\t\t\t\t\t\t\t\t\t\t\t\t\t\t\t\t<img loading=\"lazy\" decoding=\"async\" class=\"info-icon image-1 \" src=\"https:\/\/garautoparts.com.br\/wp-content\/uploads\/2022\/01\/download.png\" width=\"64\" height=\"64\" alt=\"download\" title=\"download\" \/>\t\t\t\t\t\t\t\t\t\t\t\t\t\t\t\n\t\t\t\t\t\t\t<\/div>\n\t\t\t\t\t\t<\/div>\n\t\t\t\t\t\t\t\t\t\t<div class=\"info-box-content\">\n\t\t\t\t\t\t<h4 class=\"info-box-title title wd-font-weight-100 box-title-style-default wd-fontsize-m\">Downloads<\/h4>\t\t\t\t\t\t<div class=\"info-box-inner set-cont-mb-s reset-last-child\">\n\t\t\t\t\t\t\t<p>Fa\u00e7a download do cat\u00e1logo e outros materiais<\/p>\n\t\t\t\t\t\t<\/div>\n\n\t\t\t\t\t\t<div class=\"info-btn-wrapper\"><div id=\"wd-6a99772a29701\" class=\"wd-button-wrapper text-left\"><a href=\"https:\/\/garautoparts.com.br\/wp-content\/uploads\/2024\/08\/Catalogo-GARAUTOPARTS.pdf\" title=\"\" target=\"_blank\" class=\"btn btn-color-primary btn-style-link btn-shape-rectangle btn-size-default\">Acesse<\/a><\/div><\/div>\n\t\t\t\t\t<\/div>\n\n\t\t\t\t\t\t\t\t\t<\/div>\n\t\t\t<\/div>\n\t\t\t\t\t<div class=\"info-box-wrapper \">\n\t\t\t\t<div id=\"wd-6269465d2b8b6\" class=\" wd-info-box wd-wpb text-left box-icon-align-left box-style- color-scheme- wd-bg-none with-btn box-btn-static vc_custom_1651066480261\"  >\n\t\t\t\t\t\t\t\t\t\t\t<div class=\"box-icon-wrapper  box-with-icon box-icon-simple\">\n\t\t\t\t\t\t\t<div class=\"info-box-icon\">\n\n\t\t\t\t\t\t\t\n\t\t\t\t\t\t\t\t\t\t\t\t\t\t\t\t\t<img loading=\"lazy\" decoding=\"async\" class=\"info-icon image-1 \" src=\"https:\/\/garautoparts.com.br\/wp-content\/uploads\/2022\/01\/novidades.png\" width=\"64\" height=\"64\" alt=\"novidades\" title=\"novidades\" \/>\t\t\t\t\t\t\t\t\t\t\t\t\t\t\t\n\t\t\t\t\t\t\t<\/div>\n\t\t\t\t\t\t<\/div>\n\t\t\t\t\t\t\t\t\t\t<div class=\"info-box-content\">\n\t\t\t\t\t\t<h4 class=\"info-box-title title wd-font-weight-100 box-title-style-default wd-fontsize-m\">Novidades<\/h4>\t\t\t\t\t\t<div class=\"info-box-inner set-cont-mb-s reset-last-child\">\n\t\t\t\t\t\t\t<p>Acompanha as \u00faltimas novidades da GAR<\/p>\n\t\t\t\t\t\t<\/div>\n\n\t\t\t\t\t\t<div class=\"info-btn-wrapper\"><div id=\"wd-6a99772a2984f\" class=\"wd-button-wrapper text-left\"><a href=\"https:\/\/garautoparts.com.br\/noticias\/\" title=\"\" class=\"btn btn-color-primary btn-style-link btn-shape-rectangle btn-size-default\">Confira<\/a><\/div><\/div>\n\t\t\t\t\t<\/div>\n\n\t\t\t\t\t\t\t\t\t<\/div>\n\t\t\t<\/div>\n\t\t\t\t\t\t<\/div>\n\t\t\t<\/div>\n\t\t<\/div><\/div><\/div><\/div><div class=\"vc_row-full-width vc_clearfix\"><\/div><div id=\"produtos\" data-vc-full-width=\"true\" data-vc-full-width-init=\"false\" class=\"vc_row wpb_row vc_row-fluid vc_custom_1644408675426 vc_row-has-fill vc_row-o-equal-height vc_row-o-content-top vc_row-flex\"><div class=\"wpb_column vc_column_container vc_col-sm-6\"><div class=\"vc_column-inner vc_custom_1643983024220\"><div class=\"wpb_wrapper\">\n\t<div class=\"wpb_text_column wpb_content_element\" >\n\t\t<div class=\"wpb_wrapper\">\n\t\t\t<h3 style=\"text-align: center;\"><span style=\"color: #ffffff;\">POL\u00cdTICA DA QUALIDADE<\/span><\/h3>\n<p style=\"text-align: center; font-size: 16px;\"><span style=\"color: #ffffff;\">An\u00e1lise de indicadores, manter a capacidade financeira da empresa, manter produ\u00e7\u00e3o adequada com demanda do mercado, controlar custo fixo visando manter a lucratividade e atender o mercado com produtos de qualidade.<\/span><\/p>\n\n\t\t<\/div>\n\t<\/div>\n<\/div><\/div><\/div><div class=\"wpb_column vc_column_container vc_col-sm-6\"><div class=\"vc_column-inner vc_custom_1643983200666\"><div class=\"wpb_wrapper\">\n\t<div class=\"wpb_text_column wpb_content_element\" >\n\t\t<div class=\"wpb_wrapper\">\n\t\t\t<h3 style=\"text-align: center;\"><span style=\"color: #ffffff;\"> MISS\u00c3O e VIS\u00c3O<\/span><\/h3>\n<p style=\"text-align: center; font-size: 16px;\"><span style=\"color: #ffffff;\">Produzir com baixo custo, qualidade e lucratividade para atender as expectativas dos p\u00fablicos envolvidos, ser uma empresa s\u00f3lida e consistente ao longo do tempo.<\/span><\/p>\n\n\t\t<\/div>\n\t<\/div>\n<\/div><\/div><\/div><\/div><div class=\"vc_row-full-width vc_clearfix\"><\/div><div class=\"vc_row wpb_row vc_row-fluid vc_custom_1644408714178 vc_row-o-content-middle vc_row-flex\"><div class=\"wpb_column vc_column_container vc_col-sm-12\"><div class=\"vc_column-inner vc_custom_1559746797044\"><div class=\"wpb_wrapper\">\t\t\n\t\t<div id=\"wd-61fd2d8d11705\" class=\"title-wrapper wd-wpb set-mb-s reset-last-child  wd-title-color-default wd-title-style-default wd-width-100 text-left vc_custom_1643982226201\">\n\t\t\t\n\t\t\t<div class=\"liner-continer\">\n\t\t\t\t<h4 class=\"woodmart-title-container title  wd-font-weight-100 wd-fontsize-l\" >Nossos <strong>Produtos<\/strong><\/h4>\n\t\t\t\t\t\t\t<\/div>\n\t\t\t\n\t\t\t\n\t\t\t\t\t<\/div>\n\t\t\n\t\t\t\t\t\t\n\t\t\t\t<div id=\"carousel-806\" class=\"products woocommerce wd-carousel-container  wd-wpb categories-style-carousel  wd-carousel-spacing-30\" data-owl-carousel data-wrap=\"no\" data-hide_pagination_control=\"no\" data-hide_prev_next_buttons=\"no\" data-desktop=\"4\" data-tablet_landscape=\"4\" data-tablet=\"3\" data-mobile=\"2\">\n\t\t\t\t\t<div class=\"owl-carousel carousel-items owl-items-lg-4 owl-items-md-4 owl-items-sm-3 owl-items-xs-2\">\n\t\t\t\t\t\t\t\t\t\t\t\t\t<div class=\"category-grid-item cat-design-alt categories-with-shadow product-category product first\" data-loop=\"1\">\n\t<div class=\"wrapp-category\">\n\t\t<div class=\"category-image-wrapp\">\n\t\t\t<a href=\"https:\/\/garautoparts.com.br\/es\/categoria-producto\/grampo-de-mola\/\" class=\"category-image\">\n\t\t\t\t\n\t\t\t\t<img loading=\"lazy\" decoding=\"async\" src=\"https:\/\/garautoparts.com.br\/wp-content\/uploads\/2022\/02\/produto_grampodemola-600x600.jpeg\" alt=\"GRAMPO DE MOLA\" width=\"600\" height=\"600\" \/>\t\t\t<\/a>\n\t\t<\/div>\n\t\t<div class=\"hover-mask\">\n\t\t\t<h3 class=\"wd-entities-title\">\n\t\t\t\tGRAMPO DE MOLA <mark class=\"count\">(10)<\/mark>\t\t\t<\/h3>\n\n\t\t\t\t\t\t\t<div class=\"more-products\"><a href=\"https:\/\/garautoparts.com.br\/es\/categoria-producto\/grampo-de-mola\/\">10 products<\/a><\/div>\n\t\t\t\n\t\t\t\t\t<\/div>\n\t\t<a href=\"https:\/\/garautoparts.com.br\/es\/categoria-producto\/grampo-de-mola\/\" class=\"category-link wd-fill\"><\/a>\n\t\t\t<\/div>\n<\/div>\t\t\t\t\t\t\t\t\t\t\t\t\t<div class=\"category-grid-item cat-design-alt categories-with-shadow product-category product\" data-loop=\"2\">\n\t<div class=\"wrapp-category\">\n\t\t<div class=\"category-image-wrapp\">\n\t\t\t<a href=\"https:\/\/garautoparts.com.br\/es\/categoria-producto\/grampo-de-suspensor\/\" class=\"category-image\">\n\t\t\t\t\n\t\t\t\t<img loading=\"lazy\" decoding=\"async\" src=\"https:\/\/garautoparts.com.br\/wp-content\/uploads\/2022\/02\/produto_grampodesuspensor-600x600.jpeg\" alt=\"GRAMPO DE SUSPENSOR\" width=\"600\" height=\"600\" \/>\t\t\t<\/a>\n\t\t<\/div>\n\t\t<div class=\"hover-mask\">\n\t\t\t<h3 class=\"wd-entities-title\">\n\t\t\t\tGRAMPO DE SUSPENSOR <mark class=\"count\">(12)<\/mark>\t\t\t<\/h3>\n\n\t\t\t\t\t\t\t<div class=\"more-products\"><a href=\"https:\/\/garautoparts.com.br\/es\/categoria-producto\/grampo-de-suspensor\/\">12 products<\/a><\/div>\n\t\t\t\n\t\t\t\t\t<\/div>\n\t\t<a href=\"https:\/\/garautoparts.com.br\/es\/categoria-producto\/grampo-de-suspensor\/\" class=\"category-link wd-fill\"><\/a>\n\t\t\t<\/div>\n<\/div>\t\t\t\t\t\t\t\t\t\t\t\t\t<div class=\"category-grid-item cat-design-alt categories-with-shadow product-category product\" data-loop=\"3\">\n\t<div class=\"wrapp-category\">\n\t\t<div class=\"category-image-wrapp\">\n\t\t\t<a href=\"https:\/\/garautoparts.com.br\/es\/categoria-producto\/pino-de-balanca\/\" class=\"category-image\">\n\t\t\t\t\n\t\t\t\t<img loading=\"lazy\" decoding=\"async\" src=\"https:\/\/garautoparts.com.br\/wp-content\/uploads\/2022\/02\/produto_pinobalanca-600x600.jpeg\" alt=\"PINO DE BALAN\u00c7A\" width=\"600\" height=\"600\" \/>\t\t\t<\/a>\n\t\t<\/div>\n\t\t<div class=\"hover-mask\">\n\t\t\t<h3 class=\"wd-entities-title\">\n\t\t\t\tPINO DE BALAN\u00c7A <mark class=\"count\">(32)<\/mark>\t\t\t<\/h3>\n\n\t\t\t\t\t\t\t<div class=\"more-products\"><a href=\"https:\/\/garautoparts.com.br\/es\/categoria-producto\/pino-de-balanca\/\">32 products<\/a><\/div>\n\t\t\t\n\t\t\t\t\t<\/div>\n\t\t<a href=\"https:\/\/garautoparts.com.br\/es\/categoria-producto\/pino-de-balanca\/\" class=\"category-link wd-fill\"><\/a>\n\t\t\t<\/div>\n<\/div>\t\t\t\t\t\t\t\t\t\t\t\t\t<div class=\"category-grid-item cat-design-alt categories-with-shadow product-category product last\" data-loop=\"4\">\n\t<div class=\"wrapp-category\">\n\t\t<div class=\"category-image-wrapp\">\n\t\t\t<a href=\"https:\/\/garautoparts.com.br\/es\/categoria-producto\/pino-e-bucha-de-mola\/\" class=\"category-image\">\n\t\t\t\t\n\t\t\t\t<img loading=\"lazy\" decoding=\"async\" src=\"https:\/\/garautoparts.com.br\/wp-content\/uploads\/2022\/02\/produto_pinoebuchamola-600x600.jpeg\" alt=\"PINO E BUCHA DE MOLA\" width=\"600\" height=\"600\" \/>\t\t\t<\/a>\n\t\t<\/div>\n\t\t<div class=\"hover-mask\">\n\t\t\t<h3 class=\"wd-entities-title\">\n\t\t\t\tPINO E BUCHA DE MOLA <mark class=\"count\">(21)<\/mark>\t\t\t<\/h3>\n\n\t\t\t\t\t\t\t<div class=\"more-products\"><a href=\"https:\/\/garautoparts.com.br\/es\/categoria-producto\/pino-e-bucha-de-mola\/\">21 products<\/a><\/div>\n\t\t\t\n\t\t\t\t\t<\/div>\n\t\t<a href=\"https:\/\/garautoparts.com.br\/es\/categoria-producto\/pino-e-bucha-de-mola\/\" class=\"category-link wd-fill\"><\/a>\n\t\t\t<\/div>\n<\/div>\t\t\t\t\t\t\t\t\t\t\t<\/div>\n\t\t\t\t<\/div> <!-- end #carousel-806 -->\n\t\t\t\t\n\t\t\t\t<\/div><\/div><\/div><\/div><div id=\"noticias\" data-vc-full-width=\"true\" data-vc-full-width-init=\"false\" class=\"vc_row wpb_row vc_row-fluid vc_custom_1642772515040 vc_row-has-fill vc_row-o-content-middle vc_row-flex\"><div class=\"wpb_column vc_column_container vc_col-sm-9 vc_col-lg-9 vc_col-md-9 vc_col-xs-12\"><div class=\"vc_column-inner vc_custom_1559750323513\"><div class=\"wpb_wrapper\">\t\t\n\t\t<div id=\"wd-61eab220894e6\" class=\"title-wrapper wd-wpb set-mb-s reset-last-child  wd-title-color-default wd-title-style-default wd-width-100 text-left vc_custom_1642770980716\">\n\t\t\t\n\t\t\t<div class=\"liner-continer\">\n\t\t\t\t<h4 class=\"woodmart-title-container title  wd-font-weight-100 wd-fontsize-l\" >\u00daltimas <strong>Not\u00edcias<\/strong><\/h4>\n\t\t\t\t\t\t\t<\/div>\n\t\t\t\n\t\t\t\n\t\t\t\t\t<\/div>\n\t\t\n\t\t<\/div><\/div><\/div><div class=\"wpb_column vc_column_container vc_col-sm-3 vc_col-lg-3 vc_col-md-3 vc_hidden-xs\"><div class=\"vc_column-inner vc_custom_1559750332036\"><div class=\"wpb_wrapper\"><div id=\"wd-61eab0f429753\" class=\"wd-button-wrapper text-right\"><a  class=\"btn btn-color-primary btn-style-link btn-shape-rectangle btn-size-default\">Todas as Not\u00edcias<\/a><\/div><\/div><\/div><\/div><div class=\"wpb_column vc_column_container vc_col-sm-12\"><div class=\"vc_column-inner vc_custom_1559747246904\"><div class=\"wpb_wrapper\">\t\t\t<div id=\"carousel-591\"\n\t\t\t\t class=\"wd-carousel-container  slider-type-post wd-carousel-spacing-20 wd-wpb\" data-owl-carousel data-wrap=\"no\" data-hide_pagination_control=\"yes\" data-hide_prev_next_buttons=\"no\" data-desktop=\"3\" data-tablet_landscape=\"3\" data-tablet=\"2\" data-mobile=\"1\">\n\t\t\t\t\t\t\t\t<div class=\"owl-carousel owl-items-lg-3 owl-items-md-3 owl-items-sm-2 owl-items-xs-1\">\n\t\t\t\t\t\n\t\t\t\t\t\t\t<div class=\"slide-post owl-carousel-item\">\n\t\t\t\n\t\t\t\t\t\t\t\t\t\t\t\n<article id=\"post-8128\" class=\"blog-post-loop post-slide blog-design-masonry blog-style-shadow post-8128 post type-post status-publish format-standard has-post-thumbnail hentry category-sem-categoria\">\n\t<div class=\"article-inner\">\n\t\t<header class=\"entry-header\">\n\t\t\t\t\t\t\t<figure class=\"entry-thumbnail\">\n\t\t\t\t\t<div class=\"post-img-wrapp\">\n\t\t\t\t\t\t<a href=\"https:\/\/garautoparts.com.br\/es\/ir-2023-de-caminhoneiro-tem-regra-propria\/\">\n\t\t\t\t\t\t\t<img loading=\"lazy\" decoding=\"async\" width=\"1080\" height=\"1080\" src=\"https:\/\/garautoparts.com.br\/wp-content\/uploads\/2023\/04\/MIDIA-GAR-2023-04-17T083549.293.png\" class=\"attachment-large wp-post-image attachment-full\" alt=\"\" title=\"M\u00cdDIA GAR - 2023-04-17T083549.293\" srcset=\"https:\/\/garautoparts.com.br\/wp-content\/uploads\/2023\/04\/MIDIA-GAR-2023-04-17T083549.293.png 1080w, https:\/\/garautoparts.com.br\/wp-content\/uploads\/2023\/04\/MIDIA-GAR-2023-04-17T083549.293-600x600.png 600w, https:\/\/garautoparts.com.br\/wp-content\/uploads\/2023\/04\/MIDIA-GAR-2023-04-17T083549.293-150x150.png 150w, https:\/\/garautoparts.com.br\/wp-content\/uploads\/2023\/04\/MIDIA-GAR-2023-04-17T083549.293-300x300.png 300w, https:\/\/garautoparts.com.br\/wp-content\/uploads\/2023\/04\/MIDIA-GAR-2023-04-17T083549.293-1024x1024.png 1024w, https:\/\/garautoparts.com.br\/wp-content\/uploads\/2023\/04\/MIDIA-GAR-2023-04-17T083549.293-768x768.png 768w\" sizes=\"auto, (max-width: 1080px) 100vw, 1080px\" \/>\t\t\t\t\t\t<\/a>\n\t\t\t\t\t<\/div>\n\t\t\t\t\t<div class=\"post-image-mask\">\n\t\t\t\t\t\t<span><\/span>\n\t\t\t\t\t<\/div>\n\t\t\t\t<\/figure>\n\t\t\t\n\t\t\t\t\t\t<div class=\"post-date wd-post-date wd-style-with-bg\" onclick=\"\">\n\t\t\t\t<span class=\"post-date-day\">\n\t\t\t\t\t17\t\t\t\t<\/span>\n\t\t\t\t<span class=\"post-date-month\">\n\t\t\t\t\tAbr\t\t\t\t<\/span>\n\t\t\t<\/div>\n\t\t\t\t<\/header><!-- .entry-header -->\n\n\t\t<div class=\"article-body-container\">\n\t\t\t\t\t\t\t<div class=\"meta-categories-wrapp\"><div class=\"meta-post-categories wd-post-cat wd-style-with-bg\"><a href=\"https:\/\/garautoparts.com.br\/es\/category\/sem-categoria\/\" rel=\"category tag\">Sem categoria<\/a><\/div><\/div>\n\t\t\t\n\t\t\t\t\t\t\t<h3 class=\"wd-entities-title title post-title\">\n\t\t\t\t\t<a href=\"https:\/\/garautoparts.com.br\/es\/ir-2023-de-caminhoneiro-tem-regra-propria\/\" rel=\"bookmark\">IR 2023 de caminhoneiro tem regra pr\u00f3pria<\/a>\n\t\t\t\t<\/h3>\n\t\t\t\n\t\t\t\t\t\t\t<div class=\"entry-meta wd-entry-meta\">\n\t\t\t\t\t\t\t\t<ul class=\"entry-meta-list\">\n\t\t\t\t\t\t\t\t\t<li class=\"modified-date\">\n\t\t\t\t\t\t\t\t<time class=\"updated\" datetime=\"2023-04-17T09:25:09-03:00\">\n\t\t\t17 de abril de 2023\t\t<\/time>\n\t\t\t\t\t\t\t<\/li>\n\n\t\t\t\t\t\n\t\t\t\t\t\t\t\t\t\t\t<li class=\"meta-author\">\n\t\t\t\t\t\t\t\t\t\t\t\tPosted by\t\t\n\t\t\t\t\t<img alt='author-avatar' src='https:\/\/secure.gravatar.com\/avatar\/6dcaf24f935a22d5b1016ba17669a89c827b4b4f246d92db1b0680206fbfbdaa?s=32&#038;d=mm&#038;r=g' srcset='https:\/\/secure.gravatar.com\/avatar\/6dcaf24f935a22d5b1016ba17669a89c827b4b4f246d92db1b0680206fbfbdaa?s=64&#038;d=mm&#038;r=g 2x' class='avatar avatar-32 photo' height='32' width='32' \/>\t\t\n\t\t<a href=\"https:\/\/garautoparts.com.br\/es\/author\/garautoparts\/\" rel=\"author\">\n\t\t\t<span class=\"vcard author author_name\">\n\t\t\t\t<span class=\"fn\">GAR Autoparts<\/span>\n\t\t\t<\/span>\n\t\t<\/a>\n\t\t\t\t\t\t\t\t<\/li>\n\t\t\t\t\t\n\t\t\t\t\t\n\t\t\t\t\t\t\t\t\t\t\t\t<\/ul>\n\t\t\t\t\t\t<\/div><!-- .entry-meta -->\n\t\t\t\t\t\t\t\t\t\t<div class=\"hovered-social-icons wd-tltp wd-tltp-top\">\n\t\t\t\t\t<div class=\"wd-tooltip-label\">\n\t\t\t\t\t\t\n\t\t\t<div class=\"wd-social-icons text-center icons-design-default icons-size-small color-scheme-light social-share social-form-circle\">\n\t\t\t\t\t\t\t\t\t<a rel=\"noopener noreferrer nofollow\" href=\"https:\/\/www.facebook.com\/sharer\/sharer.php?u=https:\/\/garautoparts.com.br\/es\/ir-2023-de-caminhoneiro-tem-regra-propria\/\" target=\"_blank\" class=\" wd-social-icon social-facebook\">\n\t\t\t\t\t\t<span class=\"wd-icon\"><\/span>\n\t\t\t\t\t\t\t\t\t\t\t<\/a>\n\t\t\t\t\n\t\t\t\t\t\t\t\t\t<a rel=\"noopener noreferrer nofollow\" href=\"https:\/\/twitter.com\/share?url=https:\/\/garautoparts.com.br\/es\/ir-2023-de-caminhoneiro-tem-regra-propria\/\" target=\"_blank\" class=\" wd-social-icon social-twitter\">\n\t\t\t\t\t\t<span class=\"wd-icon\"><\/span>\n\t\t\t\t\t\t\t\t\t\t\t<\/a>\n\t\t\t\t\n\t\t\t\t\n\t\t\t\t\n\t\t\t\t\n\t\t\t\t\t\t\t\t\t<a rel=\"noopener noreferrer nofollow\" href=\"https:\/\/pinterest.com\/pin\/create\/button\/?url=https:\/\/garautoparts.com.br\/es\/ir-2023-de-caminhoneiro-tem-regra-propria\/&media=https:\/\/garautoparts.com.br\/wp-content\/uploads\/2023\/04\/MIDIA-GAR-2023-04-17T083549.293.png&description=IR+2023+de+caminhoneiro+tem+regra+pr%C3%B3pria\" target=\"_blank\" class=\" wd-social-icon social-pinterest\">\n\t\t\t\t\t\t<span class=\"wd-icon\"><\/span>\n\t\t\t\t\t\t\t\t\t\t\t<\/a>\n\t\t\t\t\n\t\t\t\t\n\t\t\t\t\t\t\t\t\t<a rel=\"noopener noreferrer nofollow\" href=\"https:\/\/www.linkedin.com\/shareArticle?mini=true&url=https:\/\/garautoparts.com.br\/es\/ir-2023-de-caminhoneiro-tem-regra-propria\/\" target=\"_blank\" class=\" wd-social-icon social-linkedin\">\n\t\t\t\t\t\t<span class=\"wd-icon\"><\/span>\n\t\t\t\t\t\t\t\t\t\t\t<\/a>\n\t\t\t\t\n\t\t\t\t\n\t\t\t\t\n\t\t\t\t\n\t\t\t\t\n\t\t\t\t\n\t\t\t\t\n\t\t\t\t\n\t\t\t\t\n\t\t\t\t\n\t\t\t\t\t\t\t\t\n\t\t\t\t\t\t\t\t\n\t\t\t\t\n\t\t\t\t\t\t\t\t\t<a rel=\"noopener noreferrer nofollow\" href=\"https:\/\/telegram.me\/share\/url?url=https:\/\/garautoparts.com.br\/es\/ir-2023-de-caminhoneiro-tem-regra-propria\/\" target=\"_blank\" class=\" wd-social-icon social-tg\">\n\t\t\t\t\t\t<span class=\"wd-icon\"><\/span>\n\t\t\t\t\t\t\t\t\t\t\t<\/a>\n\t\t\t\t\t\t\t\t\n\t\t\t\t\n\t\t\t<\/div>\n\n\t\t\t\t\t\t\t<\/div>\n\t\t\t\t<\/div>\t\n\t\t\t\n\t\t\t\t\t\t\t<div class=\"entry-content wd-entry-content\">\n\t\t\t\t\tChegou a \u00e9poca de declarar o imposto de renda e os caminhoneiros aut\u00f4nomos tamb\u00e9m precisam prestar contas ao Le\u00e3o. De acordo com o cale...<p class=\"read-more-section\"><a class=\"btn-read-more more-link\" href=\"https:\/\/garautoparts.com.br\/es\/ir-2023-de-caminhoneiro-tem-regra-propria\/\">Continue reading<\/a><\/p>\t\t\t\t<\/div><!-- .entry-content -->\n\t\t\t\t\t<\/div>\n\t<\/div>\n<\/article><!-- #post -->\n\n\t\t\t\t\t\n\t\t<\/div>\n\t\t\t\t<div class=\"slide-post owl-carousel-item\">\n\t\t\t\n\t\t\t\t\t\t\t\t\t\t\t\n<article id=\"post-8126\" class=\"blog-post-loop post-slide blog-design-masonry blog-style-shadow post-8126 post type-post status-publish format-standard has-post-thumbnail hentry category-economia\">\n\t<div class=\"article-inner\">\n\t\t<header class=\"entry-header\">\n\t\t\t\t\t\t\t<figure class=\"entry-thumbnail\">\n\t\t\t\t\t<div class=\"post-img-wrapp\">\n\t\t\t\t\t\t<a href=\"https:\/\/garautoparts.com.br\/es\/crescimento-do-agro-em-2023-impactara-positivamente-as-empresas-de-transporte\/\">\n\t\t\t\t\t\t\t<img loading=\"lazy\" decoding=\"async\" width=\"1080\" height=\"1080\" src=\"https:\/\/garautoparts.com.br\/wp-content\/uploads\/2023\/03\/MIDIA-GAR-2023-03-24T080005.853.png\" class=\"attachment-large wp-post-image attachment-full\" alt=\"\" title=\"M\u00cdDIA GAR - 2023-03-24T080005.853\" srcset=\"https:\/\/garautoparts.com.br\/wp-content\/uploads\/2023\/03\/MIDIA-GAR-2023-03-24T080005.853.png 1080w, https:\/\/garautoparts.com.br\/wp-content\/uploads\/2023\/03\/MIDIA-GAR-2023-03-24T080005.853-600x600.png 600w, https:\/\/garautoparts.com.br\/wp-content\/uploads\/2023\/03\/MIDIA-GAR-2023-03-24T080005.853-150x150.png 150w, https:\/\/garautoparts.com.br\/wp-content\/uploads\/2023\/03\/MIDIA-GAR-2023-03-24T080005.853-300x300.png 300w, https:\/\/garautoparts.com.br\/wp-content\/uploads\/2023\/03\/MIDIA-GAR-2023-03-24T080005.853-1024x1024.png 1024w, https:\/\/garautoparts.com.br\/wp-content\/uploads\/2023\/03\/MIDIA-GAR-2023-03-24T080005.853-768x768.png 768w\" sizes=\"auto, (max-width: 1080px) 100vw, 1080px\" \/>\t\t\t\t\t\t<\/a>\n\t\t\t\t\t<\/div>\n\t\t\t\t\t<div class=\"post-image-mask\">\n\t\t\t\t\t\t<span><\/span>\n\t\t\t\t\t<\/div>\n\t\t\t\t<\/figure>\n\t\t\t\n\t\t\t\t\t\t<div class=\"post-date wd-post-date wd-style-with-bg\" onclick=\"\">\n\t\t\t\t<span class=\"post-date-day\">\n\t\t\t\t\t24\t\t\t\t<\/span>\n\t\t\t\t<span class=\"post-date-month\">\n\t\t\t\t\tMar\t\t\t\t<\/span>\n\t\t\t<\/div>\n\t\t\t\t<\/header><!-- .entry-header -->\n\n\t\t<div class=\"article-body-container\">\n\t\t\t\t\t\t\t<div class=\"meta-categories-wrapp\"><div class=\"meta-post-categories wd-post-cat wd-style-with-bg\"><a href=\"https:\/\/garautoparts.com.br\/es\/category\/economia\/\" rel=\"category tag\">Economia<\/a><\/div><\/div>\n\t\t\t\n\t\t\t\t\t\t\t<h3 class=\"wd-entities-title title post-title\">\n\t\t\t\t\t<a href=\"https:\/\/garautoparts.com.br\/es\/crescimento-do-agro-em-2023-impactara-positivamente-as-empresas-de-transporte\/\" rel=\"bookmark\">Crescimento do agro em 2023 impactar\u00e1 positivamente as empresas de transporte<\/a>\n\t\t\t\t<\/h3>\n\t\t\t\n\t\t\t\t\t\t\t<div class=\"entry-meta wd-entry-meta\">\n\t\t\t\t\t\t\t\t<ul class=\"entry-meta-list\">\n\t\t\t\t\t\t\t\t\t<li class=\"modified-date\">\n\t\t\t\t\t\t\t\t<time class=\"updated\" datetime=\"2023-03-24T08:01:41-03:00\">\n\t\t\t24 de marzo de 2023\t\t<\/time>\n\t\t\t\t\t\t\t<\/li>\n\n\t\t\t\t\t\n\t\t\t\t\t\t\t\t\t\t\t<li class=\"meta-author\">\n\t\t\t\t\t\t\t\t\t\t\t\tPosted by\t\t\n\t\t\t\t\t<img alt='author-avatar' src='https:\/\/secure.gravatar.com\/avatar\/6dcaf24f935a22d5b1016ba17669a89c827b4b4f246d92db1b0680206fbfbdaa?s=32&#038;d=mm&#038;r=g' srcset='https:\/\/secure.gravatar.com\/avatar\/6dcaf24f935a22d5b1016ba17669a89c827b4b4f246d92db1b0680206fbfbdaa?s=64&#038;d=mm&#038;r=g 2x' class='avatar avatar-32 photo' height='32' width='32' \/>\t\t\n\t\t<a href=\"https:\/\/garautoparts.com.br\/es\/author\/garautoparts\/\" rel=\"author\">\n\t\t\t<span class=\"vcard author author_name\">\n\t\t\t\t<span class=\"fn\">GAR Autoparts<\/span>\n\t\t\t<\/span>\n\t\t<\/a>\n\t\t\t\t\t\t\t\t<\/li>\n\t\t\t\t\t\n\t\t\t\t\t\n\t\t\t\t\t\t\t\t\t\t\t\t<\/ul>\n\t\t\t\t\t\t<\/div><!-- .entry-meta -->\n\t\t\t\t\t\t\t\t\t\t<div class=\"hovered-social-icons wd-tltp wd-tltp-top\">\n\t\t\t\t\t<div class=\"wd-tooltip-label\">\n\t\t\t\t\t\t\n\t\t\t<div class=\"wd-social-icons text-center icons-design-default icons-size-small color-scheme-light social-share social-form-circle\">\n\t\t\t\t\t\t\t\t\t<a rel=\"noopener noreferrer nofollow\" href=\"https:\/\/www.facebook.com\/sharer\/sharer.php?u=https:\/\/garautoparts.com.br\/es\/crescimento-do-agro-em-2023-impactara-positivamente-as-empresas-de-transporte\/\" target=\"_blank\" class=\" wd-social-icon social-facebook\">\n\t\t\t\t\t\t<span class=\"wd-icon\"><\/span>\n\t\t\t\t\t\t\t\t\t\t\t<\/a>\n\t\t\t\t\n\t\t\t\t\t\t\t\t\t<a rel=\"noopener noreferrer nofollow\" href=\"https:\/\/twitter.com\/share?url=https:\/\/garautoparts.com.br\/es\/crescimento-do-agro-em-2023-impactara-positivamente-as-empresas-de-transporte\/\" target=\"_blank\" class=\" wd-social-icon social-twitter\">\n\t\t\t\t\t\t<span class=\"wd-icon\"><\/span>\n\t\t\t\t\t\t\t\t\t\t\t<\/a>\n\t\t\t\t\n\t\t\t\t\n\t\t\t\t\n\t\t\t\t\n\t\t\t\t\t\t\t\t\t<a rel=\"noopener noreferrer nofollow\" href=\"https:\/\/pinterest.com\/pin\/create\/button\/?url=https:\/\/garautoparts.com.br\/es\/crescimento-do-agro-em-2023-impactara-positivamente-as-empresas-de-transporte\/&media=https:\/\/garautoparts.com.br\/wp-content\/uploads\/2023\/03\/MIDIA-GAR-2023-03-24T080005.853.png&description=Crescimento+do+agro+em+2023+impactar%C3%A1+positivamente+as+empresas+de+transporte\" target=\"_blank\" class=\" wd-social-icon social-pinterest\">\n\t\t\t\t\t\t<span class=\"wd-icon\"><\/span>\n\t\t\t\t\t\t\t\t\t\t\t<\/a>\n\t\t\t\t\n\t\t\t\t\n\t\t\t\t\t\t\t\t\t<a rel=\"noopener noreferrer nofollow\" href=\"https:\/\/www.linkedin.com\/shareArticle?mini=true&url=https:\/\/garautoparts.com.br\/es\/crescimento-do-agro-em-2023-impactara-positivamente-as-empresas-de-transporte\/\" target=\"_blank\" class=\" wd-social-icon social-linkedin\">\n\t\t\t\t\t\t<span class=\"wd-icon\"><\/span>\n\t\t\t\t\t\t\t\t\t\t\t<\/a>\n\t\t\t\t\n\t\t\t\t\n\t\t\t\t\n\t\t\t\t\n\t\t\t\t\n\t\t\t\t\n\t\t\t\t\n\t\t\t\t\n\t\t\t\t\n\t\t\t\t\n\t\t\t\t\t\t\t\t\n\t\t\t\t\t\t\t\t\n\t\t\t\t\n\t\t\t\t\t\t\t\t\t<a rel=\"noopener noreferrer nofollow\" href=\"https:\/\/telegram.me\/share\/url?url=https:\/\/garautoparts.com.br\/es\/crescimento-do-agro-em-2023-impactara-positivamente-as-empresas-de-transporte\/\" target=\"_blank\" class=\" wd-social-icon social-tg\">\n\t\t\t\t\t\t<span class=\"wd-icon\"><\/span>\n\t\t\t\t\t\t\t\t\t\t\t<\/a>\n\t\t\t\t\t\t\t\t\n\t\t\t\t\n\t\t\t<\/div>\n\n\t\t\t\t\t\t\t<\/div>\n\t\t\t\t<\/div>\t\n\t\t\t\n\t\t\t\t\t\t\t<div class=\"entry-content wd-entry-content\">\n\t\t\t\t\tSegundo o boletim da AgroExport, a balan\u00e7a brasileira terminou 2022 com super\u00e1vit. No geral, a diferen\u00e7a entre exporta\u00e7\u00f5es e importa\u00e7\u00f5e...<p class=\"read-more-section\"><a class=\"btn-read-more more-link\" href=\"https:\/\/garautoparts.com.br\/es\/crescimento-do-agro-em-2023-impactara-positivamente-as-empresas-de-transporte\/\">Continue reading<\/a><\/p>\t\t\t\t<\/div><!-- .entry-content -->\n\t\t\t\t\t<\/div>\n\t<\/div>\n<\/article><!-- #post -->\n\n\t\t\t\t\t\n\t\t<\/div>\n\t\t\t\t<div class=\"slide-post owl-carousel-item\">\n\t\t\t\n\t\t\t\t\t\t\t\t\t\t\t\n<article id=\"post-8124\" class=\"blog-post-loop post-slide blog-design-masonry blog-style-shadow post-8124 post type-post status-publish format-standard has-post-thumbnail hentry category-mercado\">\n\t<div class=\"article-inner\">\n\t\t<header class=\"entry-header\">\n\t\t\t\t\t\t\t<figure class=\"entry-thumbnail\">\n\t\t\t\t\t<div class=\"post-img-wrapp\">\n\t\t\t\t\t\t<a href=\"https:\/\/garautoparts.com.br\/es\/como-fazer-a-avaliacao-de-performance-do-motorista-da-frota\/\">\n\t\t\t\t\t\t\t<img loading=\"lazy\" decoding=\"async\" width=\"1080\" height=\"1080\" src=\"https:\/\/garautoparts.com.br\/wp-content\/uploads\/2023\/03\/MIDIA-GAR-2023-03-14T154737.036.png\" class=\"attachment-large wp-post-image attachment-full\" alt=\"\" title=\"M\u00cdDIA GAR - 2023-03-14T154737.036\" srcset=\"https:\/\/garautoparts.com.br\/wp-content\/uploads\/2023\/03\/MIDIA-GAR-2023-03-14T154737.036.png 1080w, https:\/\/garautoparts.com.br\/wp-content\/uploads\/2023\/03\/MIDIA-GAR-2023-03-14T154737.036-600x600.png 600w, https:\/\/garautoparts.com.br\/wp-content\/uploads\/2023\/03\/MIDIA-GAR-2023-03-14T154737.036-150x150.png 150w, https:\/\/garautoparts.com.br\/wp-content\/uploads\/2023\/03\/MIDIA-GAR-2023-03-14T154737.036-300x300.png 300w, https:\/\/garautoparts.com.br\/wp-content\/uploads\/2023\/03\/MIDIA-GAR-2023-03-14T154737.036-1024x1024.png 1024w, https:\/\/garautoparts.com.br\/wp-content\/uploads\/2023\/03\/MIDIA-GAR-2023-03-14T154737.036-768x768.png 768w\" sizes=\"auto, (max-width: 1080px) 100vw, 1080px\" \/>\t\t\t\t\t\t<\/a>\n\t\t\t\t\t<\/div>\n\t\t\t\t\t<div class=\"post-image-mask\">\n\t\t\t\t\t\t<span><\/span>\n\t\t\t\t\t<\/div>\n\t\t\t\t<\/figure>\n\t\t\t\n\t\t\t\t\t\t<div class=\"post-date wd-post-date wd-style-with-bg\" onclick=\"\">\n\t\t\t\t<span class=\"post-date-day\">\n\t\t\t\t\t14\t\t\t\t<\/span>\n\t\t\t\t<span class=\"post-date-month\">\n\t\t\t\t\tMar\t\t\t\t<\/span>\n\t\t\t<\/div>\n\t\t\t\t<\/header><!-- .entry-header -->\n\n\t\t<div class=\"article-body-container\">\n\t\t\t\t\t\t\t<div class=\"meta-categories-wrapp\"><div class=\"meta-post-categories wd-post-cat wd-style-with-bg\"><a href=\"https:\/\/garautoparts.com.br\/es\/category\/mercado\/\" rel=\"category tag\">Mercado<\/a><\/div><\/div>\n\t\t\t\n\t\t\t\t\t\t\t<h3 class=\"wd-entities-title title post-title\">\n\t\t\t\t\t<a href=\"https:\/\/garautoparts.com.br\/es\/como-fazer-a-avaliacao-de-performance-do-motorista-da-frota\/\" rel=\"bookmark\">Como fazer a avalia\u00e7\u00e3o de performance do motorista da frota?<\/a>\n\t\t\t\t<\/h3>\n\t\t\t\n\t\t\t\t\t\t\t<div class=\"entry-meta wd-entry-meta\">\n\t\t\t\t\t\t\t\t<ul class=\"entry-meta-list\">\n\t\t\t\t\t\t\t\t\t<li class=\"modified-date\">\n\t\t\t\t\t\t\t\t<time class=\"updated\" datetime=\"2023-03-14T15:54:11-03:00\">\n\t\t\t14 de marzo de 2023\t\t<\/time>\n\t\t\t\t\t\t\t<\/li>\n\n\t\t\t\t\t\n\t\t\t\t\t\t\t\t\t\t\t<li class=\"meta-author\">\n\t\t\t\t\t\t\t\t\t\t\t\tPosted by\t\t\n\t\t\t\t\t<img alt='author-avatar' src='https:\/\/secure.gravatar.com\/avatar\/6dcaf24f935a22d5b1016ba17669a89c827b4b4f246d92db1b0680206fbfbdaa?s=32&#038;d=mm&#038;r=g' srcset='https:\/\/secure.gravatar.com\/avatar\/6dcaf24f935a22d5b1016ba17669a89c827b4b4f246d92db1b0680206fbfbdaa?s=64&#038;d=mm&#038;r=g 2x' class='avatar avatar-32 photo' height='32' width='32' \/>\t\t\n\t\t<a href=\"https:\/\/garautoparts.com.br\/es\/author\/garautoparts\/\" rel=\"author\">\n\t\t\t<span class=\"vcard author author_name\">\n\t\t\t\t<span class=\"fn\">GAR Autoparts<\/span>\n\t\t\t<\/span>\n\t\t<\/a>\n\t\t\t\t\t\t\t\t<\/li>\n\t\t\t\t\t\n\t\t\t\t\t\n\t\t\t\t\t\t\t\t\t\t\t\t<\/ul>\n\t\t\t\t\t\t<\/div><!-- .entry-meta -->\n\t\t\t\t\t\t\t\t\t\t<div class=\"hovered-social-icons wd-tltp wd-tltp-top\">\n\t\t\t\t\t<div class=\"wd-tooltip-label\">\n\t\t\t\t\t\t\n\t\t\t<div class=\"wd-social-icons text-center icons-design-default icons-size-small color-scheme-light social-share social-form-circle\">\n\t\t\t\t\t\t\t\t\t<a rel=\"noopener noreferrer nofollow\" href=\"https:\/\/www.facebook.com\/sharer\/sharer.php?u=https:\/\/garautoparts.com.br\/es\/como-fazer-a-avaliacao-de-performance-do-motorista-da-frota\/\" target=\"_blank\" class=\" wd-social-icon social-facebook\">\n\t\t\t\t\t\t<span class=\"wd-icon\"><\/span>\n\t\t\t\t\t\t\t\t\t\t\t<\/a>\n\t\t\t\t\n\t\t\t\t\t\t\t\t\t<a rel=\"noopener noreferrer nofollow\" href=\"https:\/\/twitter.com\/share?url=https:\/\/garautoparts.com.br\/es\/como-fazer-a-avaliacao-de-performance-do-motorista-da-frota\/\" target=\"_blank\" class=\" wd-social-icon social-twitter\">\n\t\t\t\t\t\t<span class=\"wd-icon\"><\/span>\n\t\t\t\t\t\t\t\t\t\t\t<\/a>\n\t\t\t\t\n\t\t\t\t\n\t\t\t\t\n\t\t\t\t\n\t\t\t\t\t\t\t\t\t<a rel=\"noopener noreferrer nofollow\" href=\"https:\/\/pinterest.com\/pin\/create\/button\/?url=https:\/\/garautoparts.com.br\/es\/como-fazer-a-avaliacao-de-performance-do-motorista-da-frota\/&media=https:\/\/garautoparts.com.br\/wp-content\/uploads\/2023\/03\/MIDIA-GAR-2023-03-14T154737.036.png&description=Como+fazer+a+avalia%C3%A7%C3%A3o+de+performance+do+motorista+da+frota%3F\" target=\"_blank\" class=\" wd-social-icon social-pinterest\">\n\t\t\t\t\t\t<span class=\"wd-icon\"><\/span>\n\t\t\t\t\t\t\t\t\t\t\t<\/a>\n\t\t\t\t\n\t\t\t\t\n\t\t\t\t\t\t\t\t\t<a rel=\"noopener noreferrer nofollow\" href=\"https:\/\/www.linkedin.com\/shareArticle?mini=true&url=https:\/\/garautoparts.com.br\/es\/como-fazer-a-avaliacao-de-performance-do-motorista-da-frota\/\" target=\"_blank\" class=\" wd-social-icon social-linkedin\">\n\t\t\t\t\t\t<span class=\"wd-icon\"><\/span>\n\t\t\t\t\t\t\t\t\t\t\t<\/a>\n\t\t\t\t\n\t\t\t\t\n\t\t\t\t\n\t\t\t\t\n\t\t\t\t\n\t\t\t\t\n\t\t\t\t\n\t\t\t\t\n\t\t\t\t\n\t\t\t\t\n\t\t\t\t\t\t\t\t\n\t\t\t\t\t\t\t\t\n\t\t\t\t\n\t\t\t\t\t\t\t\t\t<a rel=\"noopener noreferrer nofollow\" href=\"https:\/\/telegram.me\/share\/url?url=https:\/\/garautoparts.com.br\/es\/como-fazer-a-avaliacao-de-performance-do-motorista-da-frota\/\" target=\"_blank\" class=\" wd-social-icon social-tg\">\n\t\t\t\t\t\t<span class=\"wd-icon\"><\/span>\n\t\t\t\t\t\t\t\t\t\t\t<\/a>\n\t\t\t\t\t\t\t\t\n\t\t\t\t\n\t\t\t<\/div>\n\n\t\t\t\t\t\t\t<\/div>\n\t\t\t\t<\/div>\t\n\t\t\t\n\t\t\t\t\t\t\t<div class=\"entry-content wd-entry-content\">\n\t\t\t\t\tComo a avalia\u00e7\u00e3o de motorista \u00e9 um recurso respons\u00e1vel por medir a contribui\u00e7\u00e3o do condutor no dia a dia de uma transportadora, o gesto...<p class=\"read-more-section\"><a class=\"btn-read-more more-link\" href=\"https:\/\/garautoparts.com.br\/es\/como-fazer-a-avaliacao-de-performance-do-motorista-da-frota\/\">Continue reading<\/a><\/p>\t\t\t\t<\/div><!-- .entry-content -->\n\t\t\t\t\t<\/div>\n\t<\/div>\n<\/article><!-- #post -->\n\n\t\t\t\t\t\n\t\t<\/div>\n\t\t\t\t<div class=\"slide-post owl-carousel-item\">\n\t\t\t\n\t\t\t\t\t\t\t\t\t\t\t\n<article id=\"post-8103\" class=\"blog-post-loop post-slide blog-design-masonry blog-style-shadow post-8103 post type-post status-publish format-standard has-post-thumbnail hentry category-transporte\">\n\t<div class=\"article-inner\">\n\t\t<header class=\"entry-header\">\n\t\t\t\t\t\t\t<figure class=\"entry-thumbnail\">\n\t\t\t\t\t<div class=\"post-img-wrapp\">\n\t\t\t\t\t\t<a href=\"https:\/\/garautoparts.com.br\/es\/mulheres-habilitadas-para-dirigir-veiculos-grandes-sao-minoria-porem-o-numero-esta-crescendo\/\">\n\t\t\t\t\t\t\t<img loading=\"lazy\" decoding=\"async\" width=\"1080\" height=\"1080\" src=\"https:\/\/garautoparts.com.br\/wp-content\/uploads\/2023\/03\/MIDIA-GAR-2023-03-08T102907.034.png\" class=\"attachment-large wp-post-image attachment-full\" alt=\"\" title=\"M\u00cdDIA GAR - 2023-03-08T102907.034\" srcset=\"https:\/\/garautoparts.com.br\/wp-content\/uploads\/2023\/03\/MIDIA-GAR-2023-03-08T102907.034.png 1080w, https:\/\/garautoparts.com.br\/wp-content\/uploads\/2023\/03\/MIDIA-GAR-2023-03-08T102907.034-600x600.png 600w, https:\/\/garautoparts.com.br\/wp-content\/uploads\/2023\/03\/MIDIA-GAR-2023-03-08T102907.034-150x150.png 150w, https:\/\/garautoparts.com.br\/wp-content\/uploads\/2023\/03\/MIDIA-GAR-2023-03-08T102907.034-300x300.png 300w, https:\/\/garautoparts.com.br\/wp-content\/uploads\/2023\/03\/MIDIA-GAR-2023-03-08T102907.034-1024x1024.png 1024w, https:\/\/garautoparts.com.br\/wp-content\/uploads\/2023\/03\/MIDIA-GAR-2023-03-08T102907.034-768x768.png 768w\" sizes=\"auto, (max-width: 1080px) 100vw, 1080px\" \/>\t\t\t\t\t\t<\/a>\n\t\t\t\t\t<\/div>\n\t\t\t\t\t<div class=\"post-image-mask\">\n\t\t\t\t\t\t<span><\/span>\n\t\t\t\t\t<\/div>\n\t\t\t\t<\/figure>\n\t\t\t\n\t\t\t\t\t\t<div class=\"post-date wd-post-date wd-style-with-bg\" onclick=\"\">\n\t\t\t\t<span class=\"post-date-day\">\n\t\t\t\t\t08\t\t\t\t<\/span>\n\t\t\t\t<span class=\"post-date-month\">\n\t\t\t\t\tMar\t\t\t\t<\/span>\n\t\t\t<\/div>\n\t\t\t\t<\/header><!-- .entry-header -->\n\n\t\t<div class=\"article-body-container\">\n\t\t\t\t\t\t\t<div class=\"meta-categories-wrapp\"><div class=\"meta-post-categories wd-post-cat wd-style-with-bg\"><a href=\"https:\/\/garautoparts.com.br\/es\/category\/transporte\/\" rel=\"category tag\">Transporte<\/a><\/div><\/div>\n\t\t\t\n\t\t\t\t\t\t\t<h3 class=\"wd-entities-title title post-title\">\n\t\t\t\t\t<a href=\"https:\/\/garautoparts.com.br\/es\/mulheres-habilitadas-para-dirigir-veiculos-grandes-sao-minoria-porem-o-numero-esta-crescendo\/\" rel=\"bookmark\">Mulheres habilitadas para dirigir ve\u00edculos grandes s\u00e3o minoria, por\u00e9m o n\u00famero est\u00e1 crescendo<\/a>\n\t\t\t\t<\/h3>\n\t\t\t\n\t\t\t\t\t\t\t<div class=\"entry-meta wd-entry-meta\">\n\t\t\t\t\t\t\t\t<ul class=\"entry-meta-list\">\n\t\t\t\t\t\t\t\t\t<li class=\"modified-date\">\n\t\t\t\t\t\t\t\t<time class=\"updated\" datetime=\"2023-03-08T11:02:17-03:00\">\n\t\t\t8 de marzo de 2023\t\t<\/time>\n\t\t\t\t\t\t\t<\/li>\n\n\t\t\t\t\t\n\t\t\t\t\t\t\t\t\t\t\t<li class=\"meta-author\">\n\t\t\t\t\t\t\t\t\t\t\t\tPosted by\t\t\n\t\t\t\t\t<img alt='author-avatar' src='https:\/\/secure.gravatar.com\/avatar\/6dcaf24f935a22d5b1016ba17669a89c827b4b4f246d92db1b0680206fbfbdaa?s=32&#038;d=mm&#038;r=g' srcset='https:\/\/secure.gravatar.com\/avatar\/6dcaf24f935a22d5b1016ba17669a89c827b4b4f246d92db1b0680206fbfbdaa?s=64&#038;d=mm&#038;r=g 2x' class='avatar avatar-32 photo' height='32' width='32' \/>\t\t\n\t\t<a href=\"https:\/\/garautoparts.com.br\/es\/author\/garautoparts\/\" rel=\"author\">\n\t\t\t<span class=\"vcard author author_name\">\n\t\t\t\t<span class=\"fn\">GAR Autoparts<\/span>\n\t\t\t<\/span>\n\t\t<\/a>\n\t\t\t\t\t\t\t\t<\/li>\n\t\t\t\t\t\n\t\t\t\t\t\n\t\t\t\t\t\t\t\t\t\t\t\t<\/ul>\n\t\t\t\t\t\t<\/div><!-- .entry-meta -->\n\t\t\t\t\t\t\t\t\t\t<div class=\"hovered-social-icons wd-tltp wd-tltp-top\">\n\t\t\t\t\t<div class=\"wd-tooltip-label\">\n\t\t\t\t\t\t\n\t\t\t<div class=\"wd-social-icons text-center icons-design-default icons-size-small color-scheme-light social-share social-form-circle\">\n\t\t\t\t\t\t\t\t\t<a rel=\"noopener noreferrer nofollow\" href=\"https:\/\/www.facebook.com\/sharer\/sharer.php?u=https:\/\/garautoparts.com.br\/es\/mulheres-habilitadas-para-dirigir-veiculos-grandes-sao-minoria-porem-o-numero-esta-crescendo\/\" target=\"_blank\" class=\" wd-social-icon social-facebook\">\n\t\t\t\t\t\t<span class=\"wd-icon\"><\/span>\n\t\t\t\t\t\t\t\t\t\t\t<\/a>\n\t\t\t\t\n\t\t\t\t\t\t\t\t\t<a rel=\"noopener noreferrer nofollow\" href=\"https:\/\/twitter.com\/share?url=https:\/\/garautoparts.com.br\/es\/mulheres-habilitadas-para-dirigir-veiculos-grandes-sao-minoria-porem-o-numero-esta-crescendo\/\" target=\"_blank\" class=\" wd-social-icon social-twitter\">\n\t\t\t\t\t\t<span class=\"wd-icon\"><\/span>\n\t\t\t\t\t\t\t\t\t\t\t<\/a>\n\t\t\t\t\n\t\t\t\t\n\t\t\t\t\n\t\t\t\t\n\t\t\t\t\t\t\t\t\t<a rel=\"noopener noreferrer nofollow\" href=\"https:\/\/pinterest.com\/pin\/create\/button\/?url=https:\/\/garautoparts.com.br\/es\/mulheres-habilitadas-para-dirigir-veiculos-grandes-sao-minoria-porem-o-numero-esta-crescendo\/&media=https:\/\/garautoparts.com.br\/wp-content\/uploads\/2023\/03\/MIDIA-GAR-2023-03-08T102907.034.png&description=Mulheres+habilitadas+para+dirigir+ve%C3%ADculos+grandes+s%C3%A3o+minoria%2C+por%C3%A9m+o+n%C3%BAmero+est%C3%A1+crescendo\" target=\"_blank\" class=\" wd-social-icon social-pinterest\">\n\t\t\t\t\t\t<span class=\"wd-icon\"><\/span>\n\t\t\t\t\t\t\t\t\t\t\t<\/a>\n\t\t\t\t\n\t\t\t\t\n\t\t\t\t\t\t\t\t\t<a rel=\"noopener noreferrer nofollow\" href=\"https:\/\/www.linkedin.com\/shareArticle?mini=true&url=https:\/\/garautoparts.com.br\/es\/mulheres-habilitadas-para-dirigir-veiculos-grandes-sao-minoria-porem-o-numero-esta-crescendo\/\" target=\"_blank\" class=\" wd-social-icon social-linkedin\">\n\t\t\t\t\t\t<span class=\"wd-icon\"><\/span>\n\t\t\t\t\t\t\t\t\t\t\t<\/a>\n\t\t\t\t\n\t\t\t\t\n\t\t\t\t\n\t\t\t\t\n\t\t\t\t\n\t\t\t\t\n\t\t\t\t\n\t\t\t\t\n\t\t\t\t\n\t\t\t\t\n\t\t\t\t\t\t\t\t\n\t\t\t\t\t\t\t\t\n\t\t\t\t\n\t\t\t\t\t\t\t\t\t<a rel=\"noopener noreferrer nofollow\" href=\"https:\/\/telegram.me\/share\/url?url=https:\/\/garautoparts.com.br\/es\/mulheres-habilitadas-para-dirigir-veiculos-grandes-sao-minoria-porem-o-numero-esta-crescendo\/\" target=\"_blank\" class=\" wd-social-icon social-tg\">\n\t\t\t\t\t\t<span class=\"wd-icon\"><\/span>\n\t\t\t\t\t\t\t\t\t\t\t<\/a>\n\t\t\t\t\t\t\t\t\n\t\t\t\t\n\t\t\t<\/div>\n\n\t\t\t\t\t\t\t<\/div>\n\t\t\t\t<\/div>\t\n\t\t\t\n\t\t\t\t\t\t\t<div class=\"entry-content wd-entry-content\">\n\t\t\t\t\tEm 2022, apenas 3,4% dos condutores habilitados para dirigir caminh\u00f5es, \u00f4nibus e carretas s\u00e3o mulheres, segundo a Secretaria Nacional d...<p class=\"read-more-section\"><a class=\"btn-read-more more-link\" href=\"https:\/\/garautoparts.com.br\/es\/mulheres-habilitadas-para-dirigir-veiculos-grandes-sao-minoria-porem-o-numero-esta-crescendo\/\">Continue reading<\/a><\/p>\t\t\t\t<\/div><!-- .entry-content -->\n\t\t\t\t\t<\/div>\n\t<\/div>\n<\/article><!-- #post -->\n\n\t\t\t\t\t\n\t\t<\/div>\n\t\t\t\t\t\t\n\t\t\t\t<\/div> <!-- end product-items -->\n\t\t\t<\/div> <!-- end #carousel-591 -->\n\t\t\t\n\t\t\t<\/div><\/div><\/div><\/div><div class=\"vc_row-full-width vc_clearfix\"><\/div>\n","protected":false},"excerpt":{"rendered":"Em 2022, apenas 3,4% dos condutores habilitados para dirigir caminh\u00f5es, \u00f4nibus e carretas s\u00e3o mulheres, segundo a Secretaria Nacional do","protected":false},"author":8,"featured_media":0,"parent":0,"menu_order":0,"comment_status":"closed","ping_status":"closed","template":"","meta":{"_joinchat":[],"footnotes":""},"class_list":["post-2412","page","type-page","status-publish","hentry"],"_links":{"self":[{"href":"https:\/\/garautoparts.com.br\/es\/wp-json\/wp\/v2\/pages\/2412","targetHints":{"allow":["GET"]}}],"collection":[{"href":"https:\/\/garautoparts.com.br\/es\/wp-json\/wp\/v2\/pages"}],"about":[{"href":"https:\/\/garautoparts.com.br\/es\/wp-json\/wp\/v2\/types\/page"}],"author":[{"embeddable":true,"href":"https:\/\/garautoparts.com.br\/es\/wp-json\/wp\/v2\/users\/8"}],"replies":[{"embeddable":true,"href":"https:\/\/garautoparts.com.br\/es\/wp-json\/wp\/v2\/comments?post=2412"}],"version-history":[{"count":0,"href":"https:\/\/garautoparts.com.br\/es\/wp-json\/wp\/v2\/pages\/2412\/revisions"}],"wp:attachment":[{"href":"https:\/\/garautoparts.com.br\/es\/wp-json\/wp\/v2\/media?parent=2412"}],"curies":[{"name":"wp","href":"https:\/\/api.w.org\/{rel}","templated":true}]}}